{"id":426,"date":"2015-03-04T10:56:59","date_gmt":"2015-03-04T10:56:59","guid":{"rendered":"http:\/\/themes.g5plus.net\/cupid\/?page_id=426"},"modified":"2020-09-09T18:58:48","modified_gmt":"2020-09-09T21:58:48","slug":"noticias","status":"publish","type":"page","link":"http:\/\/colegiojmaniezo.com.br\/novosite\/noticias\/","title":{"rendered":"Not\u00edcias"},"content":{"rendered":"<div class=\"wpb-content-wrapper\"><p>[vc_row][vc_column]                <div class=\"latest-post-wrapper\">\n                    <div class=\"container\">\n                        <div class=\"row\">\n                                                                        <div  class=\"latest-post-col-3 latest-post-no-slider latest-post-style1  \" >\n                                                                                                            <article  id=\"post-2387\" class=\"clearfix post-2387 post type-post status-publish format-standard has-post-thumbnail hentry category-noticias\">\n    <div class=\"entry-wrapper clearfix\">\n                    <div class=\"entry-image-wrapper\">\n                <div class=\"entry-thumbnail\">\n                        <a href=\"http:\/\/colegiojmaniezo.com.br\/novosite\/protocolo-de-retorno\/\" title=\"Protocolo de Retorno\">\n                            <img loading=\"lazy\" decoding=\"async\" width=\"560\" height=\"345\" class=\"img-responsive\" src=\"http:\/\/colegiojmaniezo.com.br\/novosite\/wp-content\/uploads\/2020\/09\/posts-noticias-1-560x345.jpg\" alt=\"Protocolo de Retorno\" \/>\n                        <\/a>\n                      <\/div>            <\/div>\n                <div class=\"entry-content-wrapper clearfix\">\n            <div class=\"entry-content-container clearfix\">\n                <div class=\"entry-categories\">\n                    <ul class=\"post-categories\">\n\t<li><a href=\"http:\/\/colegiojmaniezo.com.br\/novosite\/category\/noticias\/\" rel=\"category tag\">Not\u00edcias<\/a><\/li><\/ul>                <\/div>\n                <h3 class=\"entry-title\">\n                    <a href=\"http:\/\/colegiojmaniezo.com.br\/novosite\/protocolo-de-retorno\/\" rel=\"bookmark\" title=\"Protocolo de Retorno\">Protocolo de Retorno<\/a>\n                <\/h3>\n                <div class=\"entry-meta\">\n                            <span class=\"entry-meta-author\">\n                By <a href=\"http:\/\/colegiojmaniezo.com.br\/novosite\/author\/novositecolegio\/\">novositecolegio<\/a>        <\/span>\n        <span class=\"entry-meta-date\">\n            Posted at <a href=\"http:\/\/colegiojmaniezo.com.br\/novosite\/protocolo-de-retorno\/\" rel=\"bookmark\" title=\"Protocolo de Retorno\"> 12 de setembro de 2020 <\/a>\n        <\/span>\n                            <\/div>\n                                    <div class=\"entry-excerpt\">\n                        <p>PROTOCOLO DE SEGURAN\u00c7A PARA RETORNO \u00c0S AULAS\u00a0 O Col\u00e9gio J. Maniezo adotou algumas regras de conduta e procedimentos para que o retorno \u00e0s aulas seja feito de forma tranquila, respons\u00e1vel e segura. Para que isso aconte\u00e7a, solicitamos a leitura atenta e a estrita observ\u00e2ncia aos processos abaixo. PROCEDIMENTOS RETOMADA: Nossa escola retomar\u00e1 as aulas presenciais [&hellip;]<\/p>\n                    <\/div>\n                    <div class=\"entry-read-more\">\n                        <a href=\"http:\/\/colegiojmaniezo.com.br\/novosite\/protocolo-de-retorno\/\" rel=\"bookmark\" title=\"Saiba Mais\">Saiba Mais<\/a>\n                    <\/div>\n\n                            <\/div>\n        <\/div>\n    <\/div>\n<\/article>                                                                            <article  id=\"post-2384\" class=\"clearfix post-2384 post type-post status-publish format-standard has-post-thumbnail hentry category-noticias tag-colegiojmaniezo tag-escola tag-rematricula\">\n    <div class=\"entry-wrapper clearfix\">\n                    <div class=\"entry-image-wrapper\">\n                <div class=\"entry-thumbnail\">\n                        <a href=\"http:\/\/colegiojmaniezo.com.br\/novosite\/rematricula-2021\/\" title=\"Rematr\u00edcula 2021\">\n                            <img loading=\"lazy\" decoding=\"async\" width=\"560\" height=\"345\" class=\"img-responsive\" src=\"http:\/\/colegiojmaniezo.com.br\/novosite\/wp-content\/uploads\/2020\/09\/posts-noticias2-560x345.jpg\" alt=\"Rematr\u00edcula 2021\" \/>\n                        <\/a>\n                      <\/div>            <\/div>\n                <div class=\"entry-content-wrapper clearfix\">\n            <div class=\"entry-content-container clearfix\">\n                <div class=\"entry-categories\">\n                    <ul class=\"post-categories\">\n\t<li><a href=\"http:\/\/colegiojmaniezo.com.br\/novosite\/category\/noticias\/\" rel=\"category tag\">Not\u00edcias<\/a><\/li><\/ul>                <\/div>\n                <h3 class=\"entry-title\">\n                    <a href=\"http:\/\/colegiojmaniezo.com.br\/novosite\/rematricula-2021\/\" rel=\"bookmark\" title=\"Rematr\u00edcula 2021\">Rematr\u00edcula 2021<\/a>\n                <\/h3>\n                <div class=\"entry-meta\">\n                            <span class=\"entry-meta-author\">\n                By <a href=\"http:\/\/colegiojmaniezo.com.br\/novosite\/author\/novositecolegio\/\">novositecolegio<\/a>        <\/span>\n        <span class=\"entry-meta-date\">\n            Posted at <a href=\"http:\/\/colegiojmaniezo.com.br\/novosite\/rematricula-2021\/\" rel=\"bookmark\" title=\"Rematr\u00edcula 2021\"> 12 de setembro de 2020 <\/a>\n        <\/span>\n                            <\/div>\n                                    <div class=\"entry-excerpt\">\n                        <p>Senhores pais, estejam atentos ao nosso drive-throug da rematr\u00edcula. A retirada dos envelopes est\u00e1 organizada por turmas e o servi\u00e7o ser\u00e1 realizado pela rua Jarbas Martins Viana. Observem a tabela abaixo: Ensino Data de envio Hor\u00e1rio manh\u00e3 Hor\u00e1rio tarde Infantil 14\/09\/2020 (segunda-feira) 9h \u00e0s 12h30min 14h30min \u00e0s 18h30min EF1 15 e 16\/09\/2020 (ter\u00e7a e quarta-feira) [&hellip;]<\/p>\n                    <\/div>\n                    <div class=\"entry-read-more\">\n                        <a href=\"http:\/\/colegiojmaniezo.com.br\/novosite\/rematricula-2021\/\" rel=\"bookmark\" title=\"Saiba Mais\">Saiba Mais<\/a>\n                    <\/div>\n\n                            <\/div>\n        <\/div>\n    <\/div>\n<\/article>                                    \n                                \n                            <\/div>\n\n                        <\/div>\n                    <\/div>\n                <\/div>\n            [\/vc_column][\/vc_row]<\/p>\n<\/div>","protected":false},"excerpt":{"rendered":"<p>[vc_row][vc_column][\/vc_column][\/vc_row]<\/p>\n","protected":false},"author":1,"featured_media":0,"parent":0,"menu_order":0,"comment_status":"open","ping_status":"open","template":"","meta":{"footnotes":""},"class_list":["post-426","page","type-page","status-publish","hentry"],"_links":{"self":[{"href":"http:\/\/colegiojmaniezo.com.br\/novosite\/wp-json\/wp\/v2\/pages\/426","targetHints":{"allow":["GET"]}}],"collection":[{"href":"http:\/\/colegiojmaniezo.com.br\/novosite\/wp-json\/wp\/v2\/pages"}],"about":[{"href":"http:\/\/colegiojmaniezo.com.br\/novosite\/wp-json\/wp\/v2\/types\/page"}],"author":[{"embeddable":true,"href":"http:\/\/colegiojmaniezo.com.br\/novosite\/wp-json\/wp\/v2\/users\/1"}],"replies":[{"embeddable":true,"href":"http:\/\/colegiojmaniezo.com.br\/novosite\/wp-json\/wp\/v2\/comments?post=426"}],"version-history":[{"count":4,"href":"http:\/\/colegiojmaniezo.com.br\/novosite\/wp-json\/wp\/v2\/pages\/426\/revisions"}],"predecessor-version":[{"id":2358,"href":"http:\/\/colegiojmaniezo.com.br\/novosite\/wp-json\/wp\/v2\/pages\/426\/revisions\/2358"}],"wp:attachment":[{"href":"http:\/\/colegiojmaniezo.com.br\/novosite\/wp-json\/wp\/v2\/media?parent=426"}],"curies":[{"name":"wp","href":"https:\/\/api.w.org\/{rel}","templated":true}]}}