{"id":137,"date":"2015-03-02T11:06:55","date_gmt":"2015-03-02T11:06:55","guid":{"rendered":"http:\/\/themes.g5plus.net\/cupid\/?page_id=137"},"modified":"2020-09-12T23:42:47","modified_gmt":"2020-09-13T02:42:47","slug":"professores","status":"publish","type":"page","link":"http:\/\/colegiojmaniezo.com.br\/novosite\/professores\/","title":{"rendered":"Equipe"},"content":{"rendered":"<div class=\"wpb-content-wrapper\"><p>[vc_row layout=&#8221;boxed&#8221; parallax_style=&#8221;none&#8221; parallax_scroll_effect=&#8221;fixed&#8221; css=&#8221;.vc_custom_1425644158179{background-color: #ffffff !important;}&#8221; el_class=&#8221;bg-content-box cupid-margin-top-95 cupid-margin-bottom-100&#8243;][vc_column css=&#8221;.vc_custom_1425375046371{padding-top: 78px !important;padding-right: 60px !important;padding-bottom: 50px !important;padding-left: 60px !important;}&#8221;]<div class=\"cupid-introduction center \" ><h3>Conhe\u00e7a nossa equipe de <b>Professores<\/b><\/h3><p>Conhe\u00e7a nossa equipe de professores altamente qualificados e comprometidos com o ensino. Nosso principal objetivo \u00e9 contribuir para a forma\u00e7\u00e3o de cidad\u00e3os \u00edntegros e aptos a serem protagonistas de suas hist\u00f3rias com sucesso e alegria.<\/p><\/div>[\/vc_column][\/vc_row][vc_row layout=&#8221;boxed&#8221; parallax_style=&#8221;none&#8221; parallax_scroll_effect=&#8221;fixed&#8221; el_class=&#8221;cupid-margin-bottom-95&#8243;][vc_column]<div class=\"cupid-our-staffs  \" >\n                           <div class=\"row\">\n                            <div class=\"owl-carousel\" data-plugin-options='{\"items\" : 5,\"itemsDesktop\" : [1199,3],\"pagination\": false, \"autoPlay\": true}'><div class=\"our-staffs-item\">\n                                <div class=\"our-staffs-image\"><a href=\"http:\/\/colegiojmaniezo.com.br\/novosite\/nossa-equipe\/nathalia-bitencourt\/\" title=\"Nathalia Bitencourt\" ><img loading=\"lazy\" decoding=\"async\" width=\"200\" height=\"200\" src=\"http:\/\/colegiojmaniezo.com.br\/novosite\/wp-content\/uploads\/2020\/08\/Nathalia-Bitencourt.jpg\" class=\"attachment-full  img-circle size-full  img-circle\" alt=\"Nathalia Bitencourt\" title=\"Nathalia Bitencourt\" \/><\/a><\/div>\n                                <a class=\"our-staffs-name\" href=\"http:\/\/colegiojmaniezo.com.br\/novosite\/nossa-equipe\/nathalia-bitencourt\/\" title=\"Nathalia Bitencourt\" >Nathalia Bitencourt<\/a>\n                                <p>Educa\u00e7\u00e3o Infantil | Maternal<\/p><\/div><div class=\"our-staffs-item\">\n                                <div class=\"our-staffs-image\"><a href=\"http:\/\/colegiojmaniezo.com.br\/novosite\/nossa-equipe\/daiane-carolina\/\" title=\"Daiane Carolina\" ><img loading=\"lazy\" decoding=\"async\" width=\"200\" height=\"200\" src=\"http:\/\/colegiojmaniezo.com.br\/novosite\/wp-content\/uploads\/2020\/08\/Daiane-Carolina.jpg\" class=\"attachment-full  img-circle size-full  img-circle\" alt=\"Daiane Carolina\" title=\"Daiane Carolina\" \/><\/a><\/div>\n                                <a class=\"our-staffs-name\" href=\"http:\/\/colegiojmaniezo.com.br\/novosite\/nossa-equipe\/daiane-carolina\/\" title=\"Daiane Carolina\" >Daiane Carolina<\/a>\n                                <p>Educa\u00e7\u00e3o Infantil | Maternal<\/p><\/div><div class=\"our-staffs-item\">\n                                <div class=\"our-staffs-image\"><a href=\"http:\/\/colegiojmaniezo.com.br\/novosite\/nossa-equipe\/larissa-miquelino-oliveira\/\" title=\"Larissa Miquelino Oliveira\" ><img loading=\"lazy\" decoding=\"async\" width=\"200\" height=\"200\" src=\"http:\/\/colegiojmaniezo.com.br\/novosite\/wp-content\/uploads\/2015\/03\/Larissa-Miquelino.jpg\" class=\"attachment-full  img-circle size-full  img-circle\" alt=\"Larissa Miquelino Oliveira\" title=\"Larissa Miquelino Oliveira\" \/><\/a><\/div>\n                                <a class=\"our-staffs-name\" href=\"http:\/\/colegiojmaniezo.com.br\/novosite\/nossa-equipe\/larissa-miquelino-oliveira\/\" title=\"Larissa Miquelino Oliveira\" >Larissa Miquelino Oliveira<\/a>\n                                <p>Educa\u00e7\u00e3o Infantil | Jardim<\/p><\/div><div class=\"our-staffs-item\">\n                                <div class=\"our-staffs-image\"><a href=\"http:\/\/colegiojmaniezo.com.br\/novosite\/nossa-equipe\/luciana-vituri\/\" title=\"Luciana Vituri\" ><img loading=\"lazy\" decoding=\"async\" width=\"200\" height=\"200\" src=\"http:\/\/colegiojmaniezo.com.br\/novosite\/wp-content\/uploads\/2020\/08\/Luciana-Vituri.jpg\" class=\"attachment-full  img-circle size-full  img-circle\" alt=\"Luciana Vituri\" title=\"Luciana Vituri\" \/><\/a><\/div>\n                                <a class=\"our-staffs-name\" href=\"http:\/\/colegiojmaniezo.com.br\/novosite\/nossa-equipe\/luciana-vituri\/\" title=\"Luciana Vituri\" >Luciana Vituri<\/a>\n                                <p>Ensino Fundamental | 1\u00b0ano<\/p><\/div><div class=\"our-staffs-item\">\n                                <div class=\"our-staffs-image\"><a href=\"http:\/\/colegiojmaniezo.com.br\/novosite\/nossa-equipe\/sabrina-garcia-barbosa\/\" title=\"Sabrina Garcia Barbosa\" ><img loading=\"lazy\" decoding=\"async\" width=\"200\" height=\"200\" src=\"http:\/\/colegiojmaniezo.com.br\/novosite\/wp-content\/uploads\/2020\/08\/Sabrina-Garcia.jpg\" class=\"attachment-full  img-circle size-full  img-circle\" alt=\"Sabrina Garcia Barbosa\" title=\"Sabrina Garcia Barbosa\" \/><\/a><\/div>\n                                <a class=\"our-staffs-name\" href=\"http:\/\/colegiojmaniezo.com.br\/novosite\/nossa-equipe\/sabrina-garcia-barbosa\/\" title=\"Sabrina Garcia Barbosa\" >Sabrina Garcia Barbosa<\/a>\n                                <p>Ensino Fundamental | 1\u00b0 ano<\/p><\/div><div class=\"our-staffs-item\">\n                                <div class=\"our-staffs-image\"><a href=\"http:\/\/colegiojmaniezo.com.br\/novosite\/nossa-equipe\/carla-patricia-da-silva\/\" title=\"Carla Patr\u00edcia da Silva\" ><img loading=\"lazy\" decoding=\"async\" width=\"200\" height=\"200\" src=\"http:\/\/colegiojmaniezo.com.br\/novosite\/wp-content\/uploads\/2015\/02\/Carla-Patricia.jpg\" class=\"attachment-full  img-circle size-full  img-circle\" alt=\"Carla Patr\u00edcia da Silva\" title=\"Carla Patr\u00edcia da Silva\" \/><\/a><\/div>\n                                <a class=\"our-staffs-name\" href=\"http:\/\/colegiojmaniezo.com.br\/novosite\/nossa-equipe\/carla-patricia-da-silva\/\" title=\"Carla Patr\u00edcia da Silva\" >Carla Patr\u00edcia da Silva<\/a>\n                                <p>Ensino Fundamental | 2\u00b0ano<\/p><\/div><div class=\"our-staffs-item\">\n                                <div class=\"our-staffs-image\"><a href=\"http:\/\/colegiojmaniezo.com.br\/novosite\/nossa-equipe\/terezinha-de-fatima\/\" title=\"Terezinha de F\u00e1tima\" ><img loading=\"lazy\" decoding=\"async\" width=\"200\" height=\"200\" src=\"http:\/\/colegiojmaniezo.com.br\/novosite\/wp-content\/uploads\/2015\/02\/Terezinha.jpg\" class=\"attachment-full  img-circle size-full  img-circle\" alt=\"Terezinha de F\u00e1tima\" title=\"Terezinha de F\u00e1tima\" \/><\/a><\/div>\n                                <a class=\"our-staffs-name\" href=\"http:\/\/colegiojmaniezo.com.br\/novosite\/nossa-equipe\/terezinha-de-fatima\/\" title=\"Terezinha de F\u00e1tima\" >Terezinha de F\u00e1tima<\/a>\n                                <p>Ensino Fundamental | 2\u00b0 ano<\/p><\/div><div class=\"our-staffs-item\">\n                                <div class=\"our-staffs-image\"><a href=\"http:\/\/colegiojmaniezo.com.br\/novosite\/nossa-equipe\/veronica-calhau-nery\/\" title=\"Ver\u00f4nica Calhau Nery\" ><img loading=\"lazy\" decoding=\"async\" width=\"200\" height=\"200\" src=\"http:\/\/colegiojmaniezo.com.br\/novosite\/wp-content\/uploads\/2015\/02\/Veronica.jpg\" class=\"attachment-full  img-circle size-full  img-circle\" alt=\"Ver\u00f4nica Calhau Nery\" title=\"Ver\u00f4nica Calhau Nery\" \/><\/a><\/div>\n                                <a class=\"our-staffs-name\" href=\"http:\/\/colegiojmaniezo.com.br\/novosite\/nossa-equipe\/veronica-calhau-nery\/\" title=\"Ver\u00f4nica Calhau Nery\" >Ver\u00f4nica Calhau Nery<\/a>\n                                <p>Ensino Fundamental | 3\u00b0ano<\/p><\/div><div class=\"our-staffs-item\">\n                                <div class=\"our-staffs-image\"><a href=\"http:\/\/colegiojmaniezo.com.br\/novosite\/nossa-equipe\/natalia-moreira-pecci\/\" title=\"Natalia Moreira Pecci\" ><img loading=\"lazy\" decoding=\"async\" width=\"200\" height=\"200\" src=\"http:\/\/colegiojmaniezo.com.br\/novosite\/wp-content\/uploads\/2015\/02\/Natalia-Moreira.jpg\" class=\"attachment-full  img-circle size-full  img-circle\" alt=\"Natalia Moreira Pecci\" title=\"Natalia Moreira Pecci\" \/><\/a><\/div>\n                                <a class=\"our-staffs-name\" href=\"http:\/\/colegiojmaniezo.com.br\/novosite\/nossa-equipe\/natalia-moreira-pecci\/\" title=\"Natalia Moreira Pecci\" >Natalia Moreira Pecci<\/a>\n                                <p>Ensino Fundamental | 3\u00b0 ano e Bal\u00e9<\/p><\/div><div class=\"our-staffs-item\">\n                                <div class=\"our-staffs-image\"><a href=\"http:\/\/colegiojmaniezo.com.br\/novosite\/nossa-equipe\/valdirene-iglesias-lopes\/\" title=\"Valdirene Iglesias Lopes\" ><img loading=\"lazy\" decoding=\"async\" width=\"200\" height=\"200\" src=\"http:\/\/colegiojmaniezo.com.br\/novosite\/wp-content\/uploads\/2020\/08\/Valdirene.jpg\" class=\"attachment-full  img-circle size-full  img-circle\" alt=\"Valdirene Iglesias Lopes\" title=\"Valdirene Iglesias Lopes\" \/><\/a><\/div>\n                                <a class=\"our-staffs-name\" href=\"http:\/\/colegiojmaniezo.com.br\/novosite\/nossa-equipe\/valdirene-iglesias-lopes\/\" title=\"Valdirene Iglesias Lopes\" >Valdirene Iglesias Lopes<\/a>\n                                <p>Ensino Fundamental | 4\u00b0 ano<\/p><\/div><div class=\"our-staffs-item\">\n                                <div class=\"our-staffs-image\"><a href=\"http:\/\/colegiojmaniezo.com.br\/novosite\/nossa-equipe\/juliana-de-araujo-silva\/\" title=\"Juliana de Araujo Silva\" ><img loading=\"lazy\" decoding=\"async\" width=\"200\" height=\"200\" src=\"http:\/\/colegiojmaniezo.com.br\/novosite\/wp-content\/uploads\/2020\/08\/Juliana-de-Arauj.jpg\" class=\"attachment-full  img-circle size-full  img-circle\" alt=\"Juliana de Araujo Silva\" title=\"Juliana de Araujo Silva\" \/><\/a><\/div>\n                                <a class=\"our-staffs-name\" href=\"http:\/\/colegiojmaniezo.com.br\/novosite\/nossa-equipe\/juliana-de-araujo-silva\/\" title=\"Juliana de Araujo Silva\" >Juliana de Araujo Silva<\/a>\n                                <p>Ensino Fundamental | 5\u00b0ano<\/p><\/div><div class=\"our-staffs-item\">\n                                <div class=\"our-staffs-image\"><a href=\"http:\/\/colegiojmaniezo.com.br\/novosite\/nossa-equipe\/lisia-ivan-da-silva-goncalves\/\" title=\"L\u00edsia Ivan da Silva Gon\u00e7alves\" ><img loading=\"lazy\" decoding=\"async\" width=\"200\" height=\"200\" src=\"http:\/\/colegiojmaniezo.com.br\/novosite\/wp-content\/uploads\/2020\/08\/Lisia-Ivan.jpg\" class=\"attachment-full  img-circle size-full  img-circle\" alt=\"L\u00edsia Ivan da Silva Gon\u00e7alves\" title=\"L\u00edsia Ivan da Silva Gon\u00e7alves\" \/><\/a><\/div>\n                                <a class=\"our-staffs-name\" href=\"http:\/\/colegiojmaniezo.com.br\/novosite\/nossa-equipe\/lisia-ivan-da-silva-goncalves\/\" title=\"L\u00edsia Ivan da Silva Gon\u00e7alves\" >L\u00edsia Ivan da Silva Gon\u00e7alves<\/a>\n                                <p>L\u00edngua Portuguesa e Coordenadora<\/p><\/div><div class=\"our-staffs-item\">\n                                <div class=\"our-staffs-image\"><a href=\"http:\/\/colegiojmaniezo.com.br\/novosite\/nossa-equipe\/daniela-candido-defelippo\/\" title=\"Daniela C\u00e2ndido Defelippo\" ><img loading=\"lazy\" decoding=\"async\" width=\"200\" height=\"200\" src=\"http:\/\/colegiojmaniezo.com.br\/novosite\/wp-content\/uploads\/2020\/08\/Daniela-Candido.jpg\" class=\"attachment-full  img-circle size-full  img-circle\" alt=\"Daniela C\u00e2ndido Defelippo\" title=\"Daniela C\u00e2ndido Defelippo\" \/><\/a><\/div>\n                                <a class=\"our-staffs-name\" href=\"http:\/\/colegiojmaniezo.com.br\/novosite\/nossa-equipe\/daniela-candido-defelippo\/\" title=\"Daniela C\u00e2ndido Defelippo\" >Daniela C\u00e2ndido Defelippo<\/a>\n                                <p>L\u00edngua Portuguesa<\/p><\/div><div class=\"our-staffs-item\">\n                                <div class=\"our-staffs-image\"><a href=\"http:\/\/colegiojmaniezo.com.br\/novosite\/nossa-equipe\/maxwell-da-costa-gomes\/\" title=\"Maxwell da Costa Gomes\" ><img loading=\"lazy\" decoding=\"async\" width=\"200\" height=\"200\" src=\"http:\/\/colegiojmaniezo.com.br\/novosite\/wp-content\/uploads\/2020\/08\/Maxwell-da-Costa.jpg\" class=\"attachment-full  img-circle size-full  img-circle\" alt=\"Maxwell da Costa Gomes\" title=\"Maxwell da Costa Gomes\" \/><\/a><\/div>\n                                <a class=\"our-staffs-name\" href=\"http:\/\/colegiojmaniezo.com.br\/novosite\/nossa-equipe\/maxwell-da-costa-gomes\/\" title=\"Maxwell da Costa Gomes\" >Maxwell da Costa Gomes<\/a>\n                                <p>Matem\u00e1tica<\/p><\/div><div class=\"our-staffs-item\">\n                                <div class=\"our-staffs-image\"><a href=\"http:\/\/colegiojmaniezo.com.br\/novosite\/nossa-equipe\/nelise-dos-reis-carrion\/\" title=\"Nelise dos Reis Carrion\" ><img loading=\"lazy\" decoding=\"async\" width=\"200\" height=\"200\" src=\"http:\/\/colegiojmaniezo.com.br\/novosite\/wp-content\/uploads\/2020\/08\/Nelise-dos-Reis.jpg\" class=\"attachment-full  img-circle size-full  img-circle\" alt=\"Nelise dos Reis Carrion\" title=\"Nelise dos Reis Carrion\" \/><\/a><\/div>\n                                <a class=\"our-staffs-name\" href=\"http:\/\/colegiojmaniezo.com.br\/novosite\/nossa-equipe\/nelise-dos-reis-carrion\/\" title=\"Nelise dos Reis Carrion\" >Nelise dos Reis Carrion<\/a>\n                                <p>Ingl\u00eas<\/p><\/div><div class=\"our-staffs-item\">\n                                <div class=\"our-staffs-image\"><a href=\"http:\/\/colegiojmaniezo.com.br\/novosite\/nossa-equipe\/clayton-rodrigo-da-silva\/\" title=\"Clayton Rodrigo da Silva\" ><img loading=\"lazy\" decoding=\"async\" width=\"200\" height=\"200\" src=\"http:\/\/colegiojmaniezo.com.br\/novosite\/wp-content\/uploads\/2020\/08\/Clayton.jpg\" class=\"attachment-full  img-circle size-full  img-circle\" alt=\"Clayton Rodrigo da Silva\" title=\"Clayton Rodrigo da Silva\" \/><\/a><\/div>\n                                <a class=\"our-staffs-name\" href=\"http:\/\/colegiojmaniezo.com.br\/novosite\/nossa-equipe\/clayton-rodrigo-da-silva\/\" title=\"Clayton Rodrigo da Silva\" >Clayton Rodrigo da Silva<\/a>\n                                <p>Educa\u00e7\u00e3o F\u00edsica<\/p><\/div><div class=\"our-staffs-item\">\n                                <div class=\"our-staffs-image\"><a href=\"http:\/\/colegiojmaniezo.com.br\/novosite\/nossa-equipe\/andrea-alves-de-oliveira-nogueira\/\" title=\"Andr\u00e9a Alves de Oliveira Nogueira\" ><img loading=\"lazy\" decoding=\"async\" width=\"200\" height=\"200\" src=\"http:\/\/colegiojmaniezo.com.br\/novosite\/wp-content\/uploads\/2020\/08\/Andrea.jpg\" class=\"attachment-full  img-circle size-full  img-circle\" alt=\"Andr\u00e9a Alves de Oliveira Nogueira\" title=\"Andr\u00e9a Alves de Oliveira Nogueira\" \/><\/a><\/div>\n                                <a class=\"our-staffs-name\" href=\"http:\/\/colegiojmaniezo.com.br\/novosite\/nossa-equipe\/andrea-alves-de-oliveira-nogueira\/\" title=\"Andr\u00e9a Alves de Oliveira Nogueira\" >Andr\u00e9a Alves de Oliveira Nogueira<\/a>\n                                <p>Artes<\/p><\/div><div class=\"our-staffs-item\">\n                                <div class=\"our-staffs-image\"><a href=\"http:\/\/colegiojmaniezo.com.br\/novosite\/nossa-equipe\/welligton-henrique\/\" title=\"Welligton Henrique\" ><img loading=\"lazy\" decoding=\"async\" width=\"200\" height=\"200\" src=\"http:\/\/colegiojmaniezo.com.br\/novosite\/wp-content\/uploads\/2020\/08\/Welligton.jpg\" class=\"attachment-full  img-circle size-full  img-circle\" alt=\"Welligton Henrique\" title=\"Welligton Henrique\" \/><\/a><\/div>\n                                <a class=\"our-staffs-name\" href=\"http:\/\/colegiojmaniezo.com.br\/novosite\/nossa-equipe\/welligton-henrique\/\" title=\"Welligton Henrique\" >Welligton Henrique<\/a>\n                                <p>Hist\u00f3ria<\/p><\/div><div class=\"our-staffs-item\">\n                                <div class=\"our-staffs-image\"><a href=\"http:\/\/colegiojmaniezo.com.br\/novosite\/nossa-equipe\/lucas-leandro\/\" title=\"Lucas Leandro\" ><img loading=\"lazy\" decoding=\"async\" width=\"200\" height=\"200\" src=\"http:\/\/colegiojmaniezo.com.br\/novosite\/wp-content\/uploads\/2020\/08\/Lucas-Leandro.jpg\" class=\"attachment-full  img-circle size-full  img-circle\" alt=\"Lucas Leandro\" title=\"Lucas Leandro\" \/><\/a><\/div>\n                                <a class=\"our-staffs-name\" href=\"http:\/\/colegiojmaniezo.com.br\/novosite\/nossa-equipe\/lucas-leandro\/\" title=\"Lucas Leandro\" >Lucas Leandro<\/a>\n                                <p>Ci\u00eancias<\/p><\/div><div class=\"our-staffs-item\">\n                                <div class=\"our-staffs-image\"><a href=\"http:\/\/colegiojmaniezo.com.br\/novosite\/nossa-equipe\/magnum-carvalho\/\" title=\"Magnum Carvalho\" ><img loading=\"lazy\" decoding=\"async\" width=\"200\" height=\"200\" src=\"http:\/\/colegiojmaniezo.com.br\/novosite\/wp-content\/uploads\/2020\/08\/Magnum-Carvalho.jpg\" class=\"attachment-full  img-circle size-full  img-circle\" alt=\"Magnum Carvalho\" title=\"Magnum Carvalho\" \/><\/a><\/div>\n                                <a class=\"our-staffs-name\" href=\"http:\/\/colegiojmaniezo.com.br\/novosite\/nossa-equipe\/magnum-carvalho\/\" title=\"Magnum Carvalho\" >Magnum Carvalho<\/a>\n                                <p>Geografia<\/p><\/div><\/div>\n                        <\/div>\n                     <\/div>[\/vc_column][\/vc_row]<\/p>\n<\/div>","protected":false},"excerpt":{"rendered":"<p>[vc_row layout=&#8221;boxed&#8221; parallax_style=&#8221;none&#8221; parallax_scroll_effect=&#8221;fixed&#8221; css=&#8221;.vc_custom_1425644158179{background-color: #ffffff !important;}&#8221; el_class=&#8221;bg-content-box cupid-margin-top-95 cupid-margin-bottom-100&#8243;][vc_column css=&#8221;.vc_custom_1425375046371{padding-top: 78px !important;padding-right: 60px !important;padding-bottom: 50px !important;padding-left: 60px !important;}&#8221;][\/vc_column][\/vc_row][vc_row layout=&#8221;boxed&#8221; parallax_style=&#8221;none&#8221; parallax_scroll_effect=&#8221;fixed&#8221; el_class=&#8221;cupid-margin-bottom-95&#8243;][vc_column][\/vc_column][\/vc_row]<\/p>\n","protected":false},"author":1,"featured_media":0,"parent":0,"menu_order":0,"comment_status":"open","ping_status":"open","template":"","meta":{"footnotes":""},"class_list":["post-137","page","type-page","status-publish","hentry"],"_links":{"self":[{"href":"http:\/\/colegiojmaniezo.com.br\/novosite\/wp-json\/wp\/v2\/pages\/137","targetHints":{"allow":["GET"]}}],"collection":[{"href":"http:\/\/colegiojmaniezo.com.br\/novosite\/wp-json\/wp\/v2\/pages"}],"about":[{"href":"http:\/\/colegiojmaniezo.com.br\/novosite\/wp-json\/wp\/v2\/types\/page"}],"author":[{"embeddable":true,"href":"http:\/\/colegiojmaniezo.com.br\/novosite\/wp-json\/wp\/v2\/users\/1"}],"replies":[{"embeddable":true,"href":"http:\/\/colegiojmaniezo.com.br\/novosite\/wp-json\/wp\/v2\/comments?post=137"}],"version-history":[{"count":5,"href":"http:\/\/colegiojmaniezo.com.br\/novosite\/wp-json\/wp\/v2\/pages\/137\/revisions"}],"predecessor-version":[{"id":2377,"href":"http:\/\/colegiojmaniezo.com.br\/novosite\/wp-json\/wp\/v2\/pages\/137\/revisions\/2377"}],"wp:attachment":[{"href":"http:\/\/colegiojmaniezo.com.br\/novosite\/wp-json\/wp\/v2\/media?parent=137"}],"curies":[{"name":"wp","href":"https:\/\/api.w.org\/{rel}","templated":true}]}}